{"id":47,"date":"2010-11-16T22:16:42","date_gmt":"2010-11-16T21:16:42","guid":{"rendered":"http:\/\/rockberg-verein.de\/_wp"},"modified":"2013-12-14T15:23:59","modified_gmt":"2013-12-14T14:23:59","slug":"satzung","status":"publish","type":"page","link":"http:\/\/rockberg-verein.de\/_wp\/verein\/satzung","title":{"rendered":"Satzung"},"content":{"rendered":"<p><span style=\"text-decoration: underline;\"><strong><strong>Verein zur F\u00f6rderung der Musik, der Rockkultur und der regionalen Kulturlandschaft<\/strong><\/strong><\/span><\/p>\n<table style=\"width: 639px;\" border=\"0\" cellspacing=\"0\" cellpadding=\"0\">\n<tbody>\n<tr>\n<td valign=\"top\" width=\"5%\"><strong>\u00a71 <\/strong><\/td>\n<td width=\"95%\">Der Verein ist im Vereinsregister (Registergericht Ansbach Nr 20111) eingetragen und hei\u00dft <strong>Rockberg<\/strong> e. V.<\/p>\n<p>Er hat seinen Sitz in\u00a0 91590 <strong>Bruckberg<\/strong>, Am Sandhof 18<\/p>\n<p>Gesch\u00e4ftsjahr ist das Kalenderjahr.<\/td>\n<\/tr>\n<tr>\n<td valign=\"top\" width=\"5%\"><strong>\u00a72<\/strong><\/td>\n<td width=\"95%\"><strong><span style=\"text-decoration: underline;\">Vereinszweck<\/span><\/strong><strong> <\/strong>A) Zweck des Vereins istDie F\u00f6rderung der Kultur, der Musik und der regionalen Kulturlandschaft<\/p>\n<p>\u00d6ffentlichkeitsarbeit zur F\u00f6rderung kultureller Bereiche<br \/>\nF\u00f6rderung kultureller Eigeninitiative aller Bev\u00f6lkerungskreise, \u00a0\u00a0\u00a0 insbesondere von Jugendlichen &#8230;&#8230;&#8230;&#8230;&#8230;&#8230;&#8230;&#8230;&#8230;&#8230;&#8230;&#8230;&#8230;&#8230;&#8230;&#8230;&#8230;&#8230;&#8230;&#8230;&#8230;&#8230;&#8230;&#8230;&#8230;&#8230;&#8230;&#8230;&#8230;&#8230;&#8230;&#8230;..<\/p>\n<p>Er verfolgt ausschlie\u00dflich und unmittelbar gemeinn\u00fctzige und bedingt kirchliche\u00a0 Zwecke im Sinne des Abschnitts \u201dSteuerbeg\u00fcnstigte Zwecke\u201d der Abgabenordnung. &#8230;&#8230;&#8230;&#8230;&#8230;&#8230;&#8230;&#8230;&#8230;&#8230;&#8230;&#8230;&#8230;&#8230;&#8230;&#8230;&#8230;&#8230;&#8230;&#8230;&#8230;&#8230;&#8230;&#8230;&#8230;&#8230;&#8230;&#8230;&#8230;&#8230;&#8230;&#8230;&#8230;<\/p>\n<p>Der Satzungszweck wird verwirklicht insbesondere durch<\/p>\n<p>F\u00f6rderung der Kultur durch Veranstaltung von Konzerten, Festivals und anderen Events.<\/p>\n<p>Dies soll auch integrativ geschehen und Menschen mit Behinderung einschlie\u00dfen ( z.B. Rockberg-OpenAir mit den Bruckberger Heimen; verbilligte Eintrittskarten zu Veranstaltungen des Vereins und Sonderrabatte; behindertengerechte Zug\u00e4nge zu den Veranstaltungsorten; &#8230; )<\/p>\n<p><strong>F\u00f6rderung vor allem auch regionaler junger K\u00fcnstler und Bands unter anderem durch das Bieten von Auftrittsm\u00f6glichkeiten, unentgeltliche Musikervermittlung, Beratung u.\u00c4. <\/strong><\/p>\n<p>\u00d6ffentlichkeitsarbeit, Information, &#8230;<\/p>\n<p>Unterst\u00fctzung der modernen Kirchenmusik durch F\u00f6rderung von Nachwuchsbands im Bereich der sakralen Rockmusik und Begleitung von Gottesdiensten.<strong> <\/strong><\/p>\n<p><strong>B) Eigenes Verst\u00e4ndnis<\/strong><\/p>\n<p><strong>Wir verstehen unseren Verein auch als Aufgabe. <\/strong><\/p>\n<p><strong> Jeder Mensch ist mit seinen Gaben und Begabungen einzigartig<\/strong>. Wir wollen diese f\u00f6rdern und die Eigeninitiative von Menschen unterst\u00fctzen.<\/p>\n<p><strong>Wir haben das Ziel K\u00fcnstlern ein Forum zu bieten. <\/strong><\/p>\n<p>Der Verein will auch Musiker unterst\u00fctzen, die sonst weniger Chancen haben, auf der B\u00fchne zu stehen und Musik denen zug\u00e4nglich machen, die sonst eher selten die Chance haben, auf Konzerte zu gehen.<\/p>\n<p>Wir w\u00fcnschen uns, dass Mitmenschlichkeit, Offenheit und eine friedliche Atmosph\u00e4re die Veranstaltungen des Vereins pr\u00e4gt.<strong> <\/strong><\/td>\n<\/tr>\n<tr>\n<td valign=\"top\" width=\"5%\"><strong>\u00a73<\/strong><\/td>\n<td width=\"95%\"><strong><span style=\"text-decoration: underline;\">Selbstlosigkeit<\/span><\/strong><strong> <\/strong>Der Verein ist selbstlos t\u00e4tig; er verfolgt nicht in erster Linie eigenwirtschaftliche Zwecke. Mittel des Vereins d\u00fcrfen nur f\u00fcr die satzungsm\u00e4\u00dfigen Zwecke verwendet werden. Die Mitglieder erhalten keine Zuwendungen aus Mitteln des Vereins. Es darf keine Person durch Ausgaben, die dem Zweck der K\u00f6rperschaft fremd sind, oder durch unverh\u00e4ltnism\u00e4\u00dfig hohe Verg\u00fctungen beg\u00fcnstigt werden.<\/td>\n<\/tr>\n<tr>\n<td valign=\"top\" width=\"5%\"><strong>\u00a74<\/strong><\/td>\n<td width=\"95%\"><strong><span style=\"text-decoration: underline;\">Mitglieder\/Mitgliederversammlung<\/span><\/strong><strong> <\/strong>Mitglied kann jede nat\u00fcrliche oder juristische Person werden. Wir weisen ausdr\u00fccklich darauf hin, dass auch Menschen mit Behinderung oder Menschen anderer Nationalit\u00e4t herzlich willkommen sind.Die Mitgliederversammlung fasst mit der einfachen Mehrheit der anwesenden Mitglieder Beschl\u00fcsse.<\/p>\n<p><strong>Es werden Mitgliedsbeitr\u00e4ge erhoben. N\u00e4heres regelt die Beitragsordnung. <\/strong><\/p>\n<p>Bei groben Verletzungen der Vereinspflichten, z. B. Nichtzahlung des Mitgliedsbeitrags trotz dreimaliger Mahnung, kann der Vorstand den Ausschluss eines Mitglieds beschlie\u00dfen.<\/p>\n<p>Mitglieder erhalten bei Veranstaltungen des Vereins verbilligten Eintritt. Bei Veranstaltungen mit Kontingentbegrenzung haben Mitglieder des Vereins Vorkaufsrecht.<\/p>\n<p>Beschl\u00fcsse der Mitgliederversammlung werden vom Schriftf\u00fchrer protokolliert. Die Protokolle der Mitgliederversammlung werden vom Schriftf\u00fchrer und dem ersten Vorsitzenden unterzeichnet und allen Mitgliedern zug\u00e4nglich gemacht.<\/p>\n<p><strong>Mit dem Beitritt in den Verein erkennt der\/die Eintretende die Satzung und die Beitragsordnung an.<\/strong><\/p>\n<p>Die Mitgliedschaft endet mit Tod, Austritt oder Ausschluss vom Verein.<\/p>\n<p>Der Austritt kann nur zum Ende eines Kalenderjahres erfolgen und muss 3 Monate vor dem Jahresende schriftlich mitgeteilt werden. In H\u00e4rtef\u00e4llen (Arbeitslosigkeit, &#8230;) kann der Vorstand mit einfacher Mehrheit eine Ausnahmeregelung treffen.<\/p>\n<table style=\"width: 622px;\" border=\"0\" cellspacing=\"0\" cellpadding=\"0\">\n<tbody>\n<tr>\n<td colspan=\"2\">Aufgaben der Mitgliederversammlung:<\/td>\n<\/tr>\n<tr>\n<td valign=\"top\">\u2022<\/td>\n<td>Die Mitgliederversammlung<strong> <\/strong>best\u00e4tigt die Aufnahme neuer Mitglieder.<\/td>\n<\/tr>\n<tr>\n<td valign=\"top\">\u2022<\/td>\n<td>\u00dcber Satzungs\u00e4nderungen beschlie\u00dft die Mitgliederversammlung mit Zweidrittelmehrheit der anwesenden Mitglieder.<\/td>\n<\/tr>\n<tr>\n<td valign=\"top\">\u2022<\/td>\n<td>Die Mitgliederversammlung nimmt den Jahresbericht und den Revisionsbericht der Revisoren entgegen.<\/td>\n<\/tr>\n<tr>\n<td valign=\"top\">\u2022<\/td>\n<td>Die Mitgliederversammlung beschlie\u00dft den Vereinshaushalt.<\/td>\n<\/tr>\n<tr>\n<td valign=\"top\">\u2022<\/td>\n<td>Die Mitgliederversammlung beschlie\u00dft \u00fcber die Entlastung des Vorstands.<\/td>\n<\/tr>\n<tr>\n<td valign=\"top\">\u2022<\/td>\n<td>Die Mitgliederversammlung w\u00e4hlt den Vorstand f\u00fcr 2 Jahre.<\/td>\n<\/tr>\n<tr>\n<td valign=\"top\">\u2022<\/td>\n<td><strong>Die Mitglieder k\u00f6nnen Vorschl\u00e4ge zu den Aktivit\u00e4ten des Vereins einbringen.<\/strong><\/td>\n<\/tr>\n<\/tbody>\n<\/table>\n<p>&nbsp;<\/td>\n<\/tr>\n<tr>\n<td valign=\"top\" width=\"5%\"><strong>\u00a75<\/strong><\/td>\n<td width=\"95%\"><strong><span style=\"text-decoration: underline;\">Vorstand<\/span><\/strong><strong> Der Vorstand besteht aus mindestens 4 Mitgliedern. <\/strong><strong>Er setzt sich zusammen aus 1. und 2. Vorsitzenden\/r, Kassenwart\/in und Schriftf\u00fchrer\/in. Als 5. Mitglied kann die Mitgliederversammlung eine\/n Veranstaltungsbeauftragte\/n w\u00e4hlen. Ansonsten f\u00e4llt dieses Amt den Vorsitzenden zu. <\/strong><\/p>\n<p>Beschl\u00fcsse des Vorstands werden mit einfacher Mehrheit gefasst, hier\u00fcber werden schriftliche Protokolle angefertigt.<\/p>\n<p>Der Vorstand bleibt bis zur Wahl eines neuen Vorstandes im Amt.<\/p>\n<p>Der Vorstand wird gerichtlich und au\u00dfergerichtlich durch zwei Vorstandsmitglieder, n\u00e4mlich den ersten und zweiten Vorsitzenden, vertreten.<\/p>\n<p><strong>Der Vorstand l\u00e4dt in schriftlicher Form, mindestens einmal im Jahr, zur Mitgliederversammlung ein. Dies hat mindestens 2 Wochen vor Termin, mit Angabe der Tagesordnung zu geschehen. <\/strong><\/p>\n<p>Der Vorstand entscheidet \u00fcber die Aufnahme neuer Mitglieder im laufenden Gesch\u00e4ftsjahr; die Mitgliederversammlung best\u00e4tigt die Aufnahmen in der Jahresversammlung.<\/p>\n<p>Der 1. Vorsitzende f\u00fchrt die laufenden Vereinsgesch\u00e4fte.<\/p>\n<p><strong>Die Mitglieder des Vorstands sind ehrenamtlich t\u00e4tig. Ihre Auslagen werden durch den Verein erstattet.<\/strong> \u00dcber Verg\u00fctungen entscheidet die Mitgliederversammlung j\u00e4hrlich neu mit dreiviertel- Mehrheit.<\/p>\n<p>Stehen der Eintragung im Vereinsregister oder der Anerkennung der Gemeinn\u00fctzigkeit durch das zust\u00e4ndige Finanzamt bestimmte Satzungsinhalte entgegen, ist der Vorstand berechtigt, entsprechende \u00c4nderungen eigenst\u00e4ndig nach Beschluss durch die Mitgliederversammlung durchzuf\u00fchren.<\/td>\n<\/tr>\n<tr>\n<td valign=\"top\" width=\"5%\"><strong>\u00a76<\/strong><\/td>\n<td width=\"95%\"><strong><span style=\"text-decoration: underline;\">Aufl\u00f6sung \/ Wegfall des steuerbeg\u00fcnstigten Zwecks<\/span><\/strong> <strong>Bei Aufl\u00f6sung des Vereins oder bei Wegfall steuerbeg\u00fcnstigter Zwecke f\u00e4llt das Verm\u00f6gen des Vereins an die evangelische <span style=\"text-decoration: underline;\">Kirchengemeinde Bruckberg<\/span> zur F\u00f6rderung integrativer Projekte kultureller Art.<\/strong><\/td>\n<\/tr>\n<tr>\n<td valign=\"top\" width=\"5%\"><strong>\u00a77<\/strong><\/td>\n<td width=\"95%\"><span style=\"text-decoration: underline;\"><strong>Schiedsvertrag<\/strong><\/span><\/p>\n<p>Streitigkeiten den Verein betreffend sollten innerhalb des Vereins gekl\u00e4rt werden, sollte dies nicht m\u00f6glich sein, tritt die Schiedsvereinbarung in Kraft.<strong> <\/strong>Anliegender Schiedsvertrag ist Bestandteil der Satzung.<\/td>\n<\/tr>\n<tr>\n<td valign=\"top\" width=\"5%\"><strong>\u00a7<\/strong><strong>8<\/strong><\/td>\n<td width=\"95%\"><strong><span style=\"text-decoration: underline;\">Revision<\/span><\/strong><strong> <\/strong>Die Mitgliederversammlung w\u00e4hlt mindestens eine\/n Revisor\/in. Die Aufgaben sind die Rechnungspr\u00fcfung und die \u00dcberpr\u00fcfung der Einhaltung der Vereinsbeschl\u00fcsse.<\/td>\n<\/tr>\n<\/tbody>\n<\/table>\n","protected":false},"excerpt":{"rendered":"<p>Verein zur F\u00f6rderung der Musik, der Rockkultur und der regionalen Kulturlandschaft \u00a71 Der Verein ist im Vereinsregister (Registergericht Ansbach Nr 20111) eingetragen und hei\u00dft Rockberg e. V. Er hat seinen Sitz in\u00a0 91590 Bruckberg, Am Sandhof 18 Gesch\u00e4ftsjahr ist das Kalenderjahr. \u00a72 Vereinszweck A) Zweck des Vereins istDie F\u00f6rderung der Kultur, der Musik und der [&hellip;]<\/p>\n","protected":false},"author":1,"featured_media":0,"parent":45,"menu_order":0,"comment_status":"closed","ping_status":"closed","template":"","meta":{"ngg_post_thumbnail":0},"_links":{"self":[{"href":"http:\/\/rockberg-verein.de\/_wp\/wp-json\/wp\/v2\/pages\/47"}],"collection":[{"href":"http:\/\/rockberg-verein.de\/_wp\/wp-json\/wp\/v2\/pages"}],"about":[{"href":"http:\/\/rockberg-verein.de\/_wp\/wp-json\/wp\/v2\/types\/page"}],"author":[{"embeddable":true,"href":"http:\/\/rockberg-verein.de\/_wp\/wp-json\/wp\/v2\/users\/1"}],"replies":[{"embeddable":true,"href":"http:\/\/rockberg-verein.de\/_wp\/wp-json\/wp\/v2\/comments?post=47"}],"version-history":[{"count":8,"href":"http:\/\/rockberg-verein.de\/_wp\/wp-json\/wp\/v2\/pages\/47\/revisions"}],"predecessor-version":[{"id":225,"href":"http:\/\/rockberg-verein.de\/_wp\/wp-json\/wp\/v2\/pages\/47\/revisions\/225"}],"up":[{"embeddable":true,"href":"http:\/\/rockberg-verein.de\/_wp\/wp-json\/wp\/v2\/pages\/45"}],"wp:attachment":[{"href":"http:\/\/rockberg-verein.de\/_wp\/wp-json\/wp\/v2\/media?parent=47"}],"curies":[{"name":"wp","href":"https:\/\/api.w.org\/{rel}","templated":true}]}}